{"id":515,"date":"2010-11-10T08:02:11","date_gmt":"2010-11-10T07:02:11","guid":{"rendered":"http:\/\/www.expotec103.com\/"},"modified":"2016-10-01T14:21:24","modified_gmt":"2016-10-01T13:21:24","slug":"musee-de-lenergie-a-travers-le-temps","status":"publish","type":"page","link":"https:\/\/expotec103.fr\/index.php\/musee-de-lenergie-a-travers-le-temps\/","title":{"rendered":"Mus\u00e9e de l\u2019\u00e9nergie"},"content":{"rendered":"<figure id=\"attachment_527\" aria-describedby=\"caption-attachment-527\" style=\"width: 225px\" class=\"wp-caption alignright\"><a href=\"http:\/\/www.expotec103.fr\/wp-content\/uploads\/2010\/11\/cavier.jpg\"><img loading=\"lazy\" decoding=\"async\" class=\"size-medium wp-image-527\" title=\"Maquette de moulin Cavier\" src=\"http:\/\/www.expotec103.fr\/wp-content\/uploads\/2010\/11\/cavier.jpg\" alt=\"Maquette de moulin Cavier\" width=\"225\" height=\"300\" \/><\/a><figcaption id=\"caption-attachment-527\" class=\"wp-caption-text\">Maquette de moulin Cavier<\/figcaption><\/figure>\n<p>\u00c0 l\u2019instar du Mus\u00e9um de m\u00e9canique naturelle, voici un autre coup de c\u0153ur de l\u2019association : <strong>le Mus\u00e9e de l\u2019\u00e9nergie \u00e0 travers les temps<\/strong>.<\/p>\n<h2>Une action similaire<\/h2>\n<p>L\u2019action de cette association a de nombreux points communs avec celle du Centre d\u2019Histoire Sociale. Son objectif est de retracer l\u2019histoire de l\u2019\u00e9volution de l\u2019\u00e9nergie \u00e0 travers les temps : l\u2019\u00e9nergie humaine, animale, celle de la nature avec les moulins \u00e0 vent ou \u00e0 eau sans oublier l\u2019aventure \u00e9lectrique, les moteurs \u00e0 vapeurs, di\u00e9sel ou \u00e0 explosion etc.<\/p>\n<p>Autre point commun : la volont\u00e9 de montrer des machines en mouvement afin que le public puisse se faire une v\u00e9ritable id\u00e9e.<\/p>\n<h2>Un mus\u00e9e actif<\/h2>\n<p>Le mus\u00e9e remet en \u00e9tat de nombreuses machines et pi\u00e8ces dont :<\/p>\n<ul>\n<li>machines \u00e0 vapeur (Dujardin de 1913, Cr\u00e9pelle de 1905, Lanz\u2026),<\/li>\n<li>moteurs di\u00e9sel (Duvant de 1935\u2026),<\/li>\n<li>\u00e9olienne,<\/li>\n<li>petit atelier de menuisier du d\u00e9but XIXe,<\/li>\n<li>etc.<\/li>\n<\/ul>\n<figure id=\"attachment_531\" aria-describedby=\"caption-attachment-531\" style=\"width: 300px\" class=\"wp-caption aligncenter\"><a href=\"http:\/\/www.expotec103.fr\/wp-content\/uploads\/2010\/11\/gardner2f.jpg\"><img loading=\"lazy\" decoding=\"async\" class=\"size-medium wp-image-531\" title=\"Moteur Gardner\" src=\"http:\/\/www.expotec103.fr\/wp-content\/uploads\/2010\/11\/gardner2f.jpg\" alt=\"Moteur Gardner\" width=\"300\" height=\"225\" \/><\/a><figcaption id=\"caption-attachment-531\" class=\"wp-caption-text\">Moteur Gardner<\/figcaption><\/figure>\n<p>Il est par ailleurs pr\u00e9sent lors de la journ\u00e9e des moulins et du petit patrimoine b\u00e2ti, des journ\u00e9es du patrimoine mais aussi au sein d\u2019un club pour restaurer des moteurs anciens avec des coll\u00e9giens.<\/p>\n<figure id=\"attachment_528\" aria-describedby=\"caption-attachment-528\" style=\"width: 300px\" class=\"wp-caption aligncenter\"><a href=\"http:\/\/www.expotec103.fr\/wp-content\/uploads\/2010\/11\/crepelle1905.jpg\"><img loading=\"lazy\" decoding=\"async\" class=\"size-medium wp-image-528\" title=\"Machine \u00e0 vapeur Cr\u00e9pelle de 1905\" src=\"http:\/\/www.expotec103.fr\/wp-content\/uploads\/2010\/11\/crepelle1905.jpg\" alt=\"Machine \u00e0 vapeur Cr\u00e9pelle de 1905\" width=\"300\" height=\"211\" \/><\/a><figcaption id=\"caption-attachment-528\" class=\"wp-caption-text\">Machine \u00e0 vapeur Cr\u00e9pelle de 1905<\/figcaption><\/figure>\n<h2>L\u2019adresse du mus\u00e9e<\/h2>\n<p>Le mus\u00e9e est situ\u00e9 dans l\u2019Orne, \u00e0 la fronti\u00e8re entre la Basse- et la Haute-Normandie.<\/p>\n<p>Mus\u00e9e de l&rsquo;\u00e9nergie \u00e0 travers les temps (association loi 1901)<br \/>\nLe Petit Moulin<br \/>\n61300 Chandai<\/p>\n<p>[mappress]<\/p>\n<p>Pour les contacter ou pour plus d\u2019informations :<\/p>\n<p>T\u00e9l. : 02 33 24 17 81<br \/>\nM\u00e8l : <a href=\"mailto:musee.energie@aliceadsl.fr\">musee.energie@aliceadsl.fr<\/a><br \/>\nSite web : <a title=\"Site web du Mus\u00e9e de l\u2019\u00e9nergie \u00e0 travers le temps\" href=\"http:\/\/musee61energie.chez-alice.fr\/\">http:\/\/musee61energie.chez-alice.fr\/<\/a><\/p>\n<figure id=\"attachment_529\" aria-describedby=\"caption-attachment-529\" style=\"width: 300px\" class=\"wp-caption aligncenter\"><a href=\"http:\/\/www.expotec103.fr\/wp-content\/uploads\/2010\/11\/duvant2010.jpg\"><img loading=\"lazy\" decoding=\"async\" class=\"size-medium wp-image-529\" title=\"Moteur Duvant\" src=\"http:\/\/www.expotec103.fr\/wp-content\/uploads\/2010\/11\/duvant2010.jpg\" alt=\"Moteur Duvant\" width=\"300\" height=\"225\" \/><\/a><figcaption id=\"caption-attachment-529\" class=\"wp-caption-text\">Moteur Duvant<\/figcaption><\/figure>\n","protected":false},"excerpt":{"rendered":"<p>\u00c0 l\u2019instar du Mus\u00e9um de m\u00e9canique naturelle, voici un autre coup de c\u0153ur de l\u2019association : le Mus\u00e9e de l\u2019\u00e9nergie \u00e0 travers les temps. Une action similaire L\u2019action de cette association a de nombreux points communs avec celle du Centre d\u2019Histoire Sociale. Son objectif est de retracer l\u2019histoire de l\u2019\u00e9volution de l\u2019\u00e9nergie \u00e0 travers les &hellip; <a href=\"https:\/\/expotec103.fr\/index.php\/musee-de-lenergie-a-travers-le-temps\/\" class=\"more-link\">Continuer la lecture de <span class=\"screen-reader-text\">Mus\u00e9e de l\u2019\u00e9nergie<\/span><\/a><\/p>\n","protected":false},"author":1,"featured_media":0,"parent":0,"menu_order":0,"comment_status":"open","ping_status":"open","template":"","meta":{"footnotes":""},"_links":{"self":[{"href":"https:\/\/expotec103.fr\/index.php\/wp-json\/wp\/v2\/pages\/515"}],"collection":[{"href":"https:\/\/expotec103.fr\/index.php\/wp-json\/wp\/v2\/pages"}],"about":[{"href":"https:\/\/expotec103.fr\/index.php\/wp-json\/wp\/v2\/types\/page"}],"author":[{"embeddable":true,"href":"https:\/\/expotec103.fr\/index.php\/wp-json\/wp\/v2\/users\/1"}],"replies":[{"embeddable":true,"href":"https:\/\/expotec103.fr\/index.php\/wp-json\/wp\/v2\/comments?post=515"}],"version-history":[{"count":1,"href":"https:\/\/expotec103.fr\/index.php\/wp-json\/wp\/v2\/pages\/515\/revisions"}],"predecessor-version":[{"id":1163,"href":"https:\/\/expotec103.fr\/index.php\/wp-json\/wp\/v2\/pages\/515\/revisions\/1163"}],"wp:attachment":[{"href":"https:\/\/expotec103.fr\/index.php\/wp-json\/wp\/v2\/media?parent=515"}],"curies":[{"name":"wp","href":"https:\/\/api.w.org\/{rel}","templated":true}]}}